{"id":707,"date":"2025-06-22T16:10:13","date_gmt":"2025-06-22T14:10:13","guid":{"rendered":"https:\/\/cselloakademia.hu\/?post_type=tribe_events&#038;p=707"},"modified":"2025-07-14T22:10:06","modified_gmt":"2025-07-14T20:10:06","slug":"kamaraze-kurzus-hartmann-domonkos-es-a-motus-quartett","status":"publish","type":"tribe_events","link":"https:\/\/cselloakademia.hu\/de\/event\/kamaraze-kurzus-hartmann-domonkos-es-a-motus-quartett\/","title":{"rendered":"Kammermusikkurse mit Domonkos Hartmann und Motus Quartet"},"content":{"rendered":"<p><strong>Die offizielle Dauer des Kurses ist der 12. bis 17. August.<\/strong><\/p>\n<p>Alle Teilnehmer werden gebeten, am 12. August anzureisen, da wir die Schulung am Abend des 12. August als eine Art \u201eTag Null\u201c beginnen werden. Am ersten Tag werden alle vier Lehrer zwei Unterrichtsstunden geben (17:00-18:30 und 18:30-20:00).<\/p>\n<p><strong>Zeitplan f\u00fcr den Unterricht:<\/strong><\/p>\n<p>13. bis 16. August: Vier volle Unterrichtstage<br \/>\nJeder Tag:<br \/>\n10:00-11:30<br \/>\n11:45-13:15<br \/>\nJede Kammermusikgruppe erh\u00e4lt insgesamt 8 Unterrichtsstunden (2 Stunden pro Lehrer).<\/p>\n<p><strong>Konzerte:<\/strong><\/p>\n<p>Er\u00f6ffnungskonzert: 13. August abends &#8211; Motus Quartett<br \/>\nLehrerkonzert: 15. August abends &#8211; k\u00fcrzeres Programm<br \/>\nKurskonzerte:<br \/>\n16. August abends 19:00<br \/>\n17. August vormittags 11:00<br \/>\nNach dem Abschlusskonzert Mittagessen mit allen Teilnehmern im G\u00e4stehaus Peter Paul<\/p>\n<p>Nach dem Kurs (nach dem Mittagessen am 17. August), R\u00fcckreise nach Hause.<\/p>\n<p><strong>Anmeldung:<\/strong><\/p>\n<p>2-4 Kammermusikgruppen sind willkommen.<br \/>\nBei der Anmeldung ist es nicht notwendig, das Programm zu spezifizieren, es muss lediglich im Juli fertiggestellt werden.<br \/>\nDie Bewerber werden gebeten, zwei verschiedene, m\u00f6glichst vollst\u00e4ndige Werke vorzubereiten.<\/p>\n<p><strong>hartmann.cello.office@gmail.com<\/strong><\/p>\n<p><strong>Teilnahmegeb\u00fchr:<\/strong><\/p>\n<p>Duo: 400 \u20ac\/Team<br \/>\nTrio: 500 \u20ac\/Team<br \/>\nQuartett: 600 \u20ac\/Team<\/p>\n<p><strong>Unterkunft: P\u00e9ter P\u00e1l vend\u00e9gh\u00e1z\u00a0<\/strong><\/p>\n<p>Doppelzimmer: 185 \u20ac\/Person\/pro vollem Zeitraum<br \/>\nDreierzimmer: 160 \u20ac\/Person<br \/>\nZwei Doppelzimmer f\u00fcr ein Team: 140 \u20ac\/Person<\/p>\n<p><strong>F\u00fcr Informationen \u00fcber die Unterkunft und das verf\u00fcgbare Stipendium wenden Sie sich bitte direkt an Domonkos Hartmann unter den folgenden Kontaktdaten:<\/strong><\/p>\n<p><strong>hartmann.cello.office@gmail.com<\/strong><\/p>\n<p>\u00dcber das Quartett:<\/p>\n<div>\n<div>Das\u00a0<span class=\"il\">Motus<\/span>\u00a0Quartett wurde 2022 gegr\u00fcndet und besteht aus Tim de Vries, Karla Kri\u017e, Erin Pitts und Domonkos Hartmann. Die jungen MusikerInnen lernten sich w\u00e4hrend des Studiums in Wien kennen und studieren bei Johannes Meissl und Peter Schuhmayer an der Universit\u00e4t f\u00fcr Musik und darstellende Kunst Wien (mdw). Weitere musikalische Impulse erhielt das Ensemble unter anderem von Hatto Beyerle, Eckart Runge, dem Jerusalem Quartet, dem Danish String Quartet, Tim Frederiksen, Minna Pensola, Patrick J\u00fcdt und Avedis Kouyoumdjian. Das Quartett hatte au\u00dferdem das Privileg, an verschiedenen Werken mit Gy\u00f6rgy Kurt\u00e1g zu arbeiten, darunter seine Eigenkomposition \u201e12 Mikroludien f\u00fcr Streichquartett, Op. 13\u201c.<\/div>\n<div>Zuletzt gewann das Ensemble den 1. Preis und den Sonderpreis f\u00fcr die beste Interpretation eines Werkes der fr\u00fchen Klassik beim 10. International Joseph Joachim Chamber Music Competition. Au\u00dferdem wurde das Quartett bei der Internationalen Sommerakademie der mdw (isa) 2023 mit dem Artis Quartettpreis und dem Preis der Wiener Klassik ausgezeichnet.<br \/>\nDas\u00a0<span class=\"il\">Motus<\/span>\u00a0Quartett nimmt regelm\u00e4\u00dfig an ECMA (European Chamber Music Academy) und<br \/>\nMusethica Sessions in ganz Europa teil. Das Quartett spielte Deb\u00fctkonzerte im Wiener Konzerthaus, Musikverein Wien und Concertgebouw Amsterdam. Weitere Konzerte f\u00fchrten das Ensemble nach Asien, Nordamerika, Afrika und in den gr\u00f6\u00dften Teil Europas.<br \/>\nTim de Vries spielt auf einem Instrument des Cremoneser Geigenbauers Lorenzo Storioni (1793) und auf einer Geige von Julia Maria Pasch (Wien, 2024). Karla Kri\u017e spielt auf einer teils von Andrea Guarneri gebauten Kompositgeige (Cremona, 17. Jh). Domonkos hat 2025 das Raffaele &#038; Antonio Gagliano Cello (1850, Neapel) als Leihinstrument\u00a0erhalten, das Valentin Erben, Cellist des Alban Berg Quartetts gespielt hat.<\/div>\n<\/div>\n<p><strong><img loading=\"lazy\" decoding=\"async\" class=\"alignnone wp-image-709\" src=\"https:\/\/cselloakademia.hu\/wp-content\/uploads\/2025\/06\/IMG_2490-300x200.jpeg\" alt=\"\" width=\"498\" height=\"332\" srcset=\"https:\/\/cselloakademia.hu\/wp-content\/uploads\/2025\/06\/IMG_2490-300x200.jpeg 300w, https:\/\/cselloakademia.hu\/wp-content\/uploads\/2025\/06\/IMG_2490-1024x683.jpeg 1024w, https:\/\/cselloakademia.hu\/wp-content\/uploads\/2025\/06\/IMG_2490-768x512.jpeg 768w, https:\/\/cselloakademia.hu\/wp-content\/uploads\/2025\/06\/IMG_2490-1536x1024.jpeg 1536w, https:\/\/cselloakademia.hu\/wp-content\/uploads\/2025\/06\/IMG_2490-2048x1366.jpeg 2048w\" sizes=\"auto, (max-width: 498px) 100vw, 498px\" \/><img loading=\"lazy\" decoding=\"async\" class=\"alignnone wp-image-712\" src=\"https:\/\/cselloakademia.hu\/wp-content\/uploads\/2025\/06\/IMG_2491-300x200.jpeg\" alt=\"\" width=\"497\" height=\"331\" srcset=\"https:\/\/cselloakademia.hu\/wp-content\/uploads\/2025\/06\/IMG_2491-300x200.jpeg 300w, https:\/\/cselloakademia.hu\/wp-content\/uploads\/2025\/06\/IMG_2491-1024x683.jpeg 1024w, https:\/\/cselloakademia.hu\/wp-content\/uploads\/2025\/06\/IMG_2491-768x512.jpeg 768w, https:\/\/cselloakademia.hu\/wp-content\/uploads\/2025\/06\/IMG_2491-1536x1024.jpeg 1536w, https:\/\/cselloakademia.hu\/wp-content\/uploads\/2025\/06\/IMG_2491-2048x1366.jpeg 2048w\" sizes=\"auto, (max-width: 497px) 100vw, 497px\" \/><\/strong><\/p>\n","protected":false},"excerpt":{"rendered":"<p>Die offizielle Dauer des Kurses ist der 12. bis 17. August. Alle Teilnehmer werden gebeten, am 12. August anzureisen, da wir die Schulung am Abend des 12. August als eine [&hellip;]<\/p>\n","protected":false},"author":1,"featured_media":0,"template":"","meta":{"pgc_sgb_lightbox_settings":"","_price":"","_stock":"","_tribe_ticket_header":"","_tribe_default_ticket_provider":"TEC\\Tickets\\Commerce\\Module","_tribe_ticket_capacity":"0","_ticket_start_date":"","_ticket_end_date":"","_tribe_ticket_show_description":"","_tribe_ticket_show_not_going":false,"_tribe_ticket_use_global_stock":"","_tribe_ticket_global_stock_level":"","_global_stock_mode":"","_global_stock_cap":"","_tribe_rsvp_for_event":"","_tribe_ticket_going_count":"","_tribe_ticket_not_going_count":"","_tribe_tickets_list":"[]","_tribe_ticket_has_attendee_info_fields":false,"_EventAllDay":true,"_EventTimezone":"UTC+2","_EventStartDate":"2025-08-13 00:00:00","_EventEndDate":"2025-08-17 23:59:59","_EventStartDateUTC":"2025-08-12 21:00:00","_EventEndDateUTC":"2025-08-17 20:59:59","_EventShowMap":true,"_EventShowMapLink":true,"_EventURL":"","_EventCost":"","_EventCostDescription":"","_EventCurrencySymbol":"ft","_EventCurrencyCode":"HUF","_EventCurrencyPosition":"prefix","_EventDateTimeSeparator":"","_EventTimeRangeSeparator":"","_EventOrganizerID":[],"_EventVenueID":[429],"_OrganizerEmail":"","_OrganizerPhone":"","_OrganizerWebsite":"","_VenueAddress":"","_VenueCity":"","_VenueCountry":"","_VenueProvince":"","_VenueState":"","_VenueZip":"","_VenuePhone":"","_VenueURL":"","_VenueStateProvince":"","_VenueLat":"","_VenueLng":"","_VenueShowMap":false,"_VenueShowMapLink":false,"_tribe_events_status":"","_tribe_events_status_reason":"","footnotes":"","_tec_slr_enabled":"","_tec_slr_layout":""},"tags":[],"tribe_events_cat":[],"class_list":["post-707","tribe_events","type-tribe_events","status-publish","hentry"],"aioseo_notices":[],"ticketed":false,"_links":{"self":[{"href":"https:\/\/cselloakademia.hu\/de\/wp-json\/wp\/v2\/tribe_events\/707","targetHints":{"allow":["GET"]}}],"collection":[{"href":"https:\/\/cselloakademia.hu\/de\/wp-json\/wp\/v2\/tribe_events"}],"about":[{"href":"https:\/\/cselloakademia.hu\/de\/wp-json\/wp\/v2\/types\/tribe_events"}],"author":[{"embeddable":true,"href":"https:\/\/cselloakademia.hu\/de\/wp-json\/wp\/v2\/users\/1"}],"version-history":[{"count":14,"href":"https:\/\/cselloakademia.hu\/de\/wp-json\/wp\/v2\/tribe_events\/707\/revisions"}],"predecessor-version":[{"id":844,"href":"https:\/\/cselloakademia.hu\/de\/wp-json\/wp\/v2\/tribe_events\/707\/revisions\/844"}],"wp:attachment":[{"href":"https:\/\/cselloakademia.hu\/de\/wp-json\/wp\/v2\/media?parent=707"}],"wp:term":[{"taxonomy":"post_tag","embeddable":true,"href":"https:\/\/cselloakademia.hu\/de\/wp-json\/wp\/v2\/tags?post=707"},{"taxonomy":"tribe_events_cat","embeddable":true,"href":"https:\/\/cselloakademia.hu\/de\/wp-json\/wp\/v2\/tribe_events_cat?post=707"}],"curies":[{"name":"wp","href":"https:\/\/api.w.org\/{rel}","templated":true}]}}