{"id":351,"date":"2024-10-19T16:31:43","date_gmt":"2024-10-19T14:31:43","guid":{"rendered":"https:\/\/tuningcharts.com\/cselloakademia\/?page_id=351"},"modified":"2024-10-27T12:30:54","modified_gmt":"2024-10-27T10:30:54","slug":"archiv","status":"publish","type":"page","link":"https:\/\/cselloakademia.hu\/de\/archiv\/","title":{"rendered":"Archiv"},"content":{"rendered":"\n<p class=\"has-text-align-center has-contrast-2-color has-text-color has-link-color has-large-font-size wp-elements-e68fcea9d584156c239f054cf8af7c70\">2023<\/p>\n\n\n\n<p class=\"has-text-align-center has-large-font-size\">CSELL\u00d3AKAD\u00c9MIA \/\/ VESZPR\u00c9M \/\/ 2023 \/\/ NOVEMBER 2-8<\/p>\n\n\n\n<p class=\"has-text-align-center\"><strong>PROGRAM:<\/strong><br>November 3. 19h \/\/ <strong>Csellist\u00e1k \u00e9jszak\u00e1ja<\/strong><br>November 4. 19h \/\/ <strong>Csell\u00f3egy\u00fcttes koncert<\/strong><br>November 2-8. \/\/ <strong>Rudolf Leopold mesterkurzus<\/strong>,<br><strong>Stankowsky Endre mesterkurzus<\/strong><br>November 8. \/\/ <strong>Szakmai nap Moln\u00e1r Andre\u00e1val<\/strong><\/p>\n\n\n\n<p class=\"has-text-align-center\"><strong>FELL\u00c9P\u0150K:<\/strong><br>Gyenge Andr\u00e1s<br>Hartmann Domonkos<br>Herndl Elvis<br>Leopold Rudolf<br>Moln\u00e1r Andrea<br>Stankowsky Endre<br>Szab\u00f3 Judit<br>Masae Suzaki, nagyb\u0151g\u00f6<br>Olena Miso, zongora<\/p>\n\n\n<div class=\"pgc-sgb-cb wp-block-pgcsimplygalleryblock-masonry \" data-gallery-id=\"00986000\"><div class=\"sgb-preloader\" id=\"pr_00986000\">\n\t<div class=\"sgb-square\" style=\"background:#d4d4d4\"><\/div>\n\t<div class=\"sgb-square\" style=\"background:#d4d4d4\"><\/div>\n\t<div class=\"sgb-square\" style=\"background:#d4d4d4\"><\/div>\n\t<div class=\"sgb-square\" style=\"background:#d4d4d4\"><\/div><\/div><div class=\"simply-gallery-amp pgc_sgb_slider \" style=\"display: none;\"><div class=\"sgb-gallery\"><div class=\"sgb-item\"><a href=\"https:\/\/cselloakademia.hu\/wp-content\/uploads\/2024\/10\/plakat.webp\"><img decoding=\"async\" alt=\"\" width=\"210\" height=\"300\" loading=\"lazy\" src=\"https:\/\/cselloakademia.hu\/wp-content\/uploads\/2024\/10\/plakat-210x300.webp\" srcset=\"https:\/\/cselloakademia.hu\/wp-content\/uploads\/2024\/10\/plakat-210x300.webp 210w,https:\/\/cselloakademia.hu\/wp-content\/uploads\/2024\/10\/plakat-717x1024.webp 717w,https:\/\/cselloakademia.hu\/wp-content\/uploads\/2024\/10\/plakat.webp 1575w\" sizes=\"auto, 250px\"\/><\/a><\/div><\/div><\/div><script type=\"application\/json\" class=\"sgb-data\">{\"collectionColumns\":1,\"collectionThumbRecomendedWidth\":250,\"galleryType\":\"pgc_sgb_masonry\",\"galleryId\":\"00986000\",\"images\":[{\"id\":458,\"title\":\"plakat\",\"url\":\"https:\/\/cselloakademia.hu\/wp-content\/uploads\/2024\/10\/plakat.webp\",\"link\":\"https:\/\/cselloakademia.hu\/pgc_simply_gallery\/cselloakademia-2023\/plakat\/\",\"alt\":\"\",\"description\":\"\",\"caption\":\"\",\"mime\":\"image\/webp\",\"type\":\"image\",\"width\":1575,\"height\":2250,\"sizes\":{\"thumbnail\":{\"height\":150,\"width\":150,\"url\":\"https:\/\/cselloakademia.hu\/wp-content\/uploads\/2024\/10\/plakat-150x150.webp\",\"orientation\":\"landscape\"},\"medium\":{\"height\":300,\"width\":210,\"url\":\"https:\/\/cselloakademia.hu\/wp-content\/uploads\/2024\/10\/plakat-210x300.webp\",\"orientation\":\"portrait\"},\"large\":{\"height\":1024,\"width\":717,\"url\":\"https:\/\/cselloakademia.hu\/wp-content\/uploads\/2024\/10\/plakat-717x1024.webp\",\"orientation\":\"portrait\"},\"full\":{\"url\":\"https:\/\/cselloakademia.hu\/wp-content\/uploads\/2024\/10\/plakat.webp\",\"height\":2250,\"width\":1575,\"orientation\":\"portrait\"}},\"imageMeta\":{\"aperture\":\"0\",\"credit\":\"\",\"camera\":\"\",\"caption\":\"\",\"created_timestamp\":\"0\",\"copyright\":\"\",\"focal_length\":\"0\",\"iso\":\"0\",\"shutter_speed\":\"0\",\"title\":\"\",\"orientation\":\"0\",\"keywords\":[]},\"meta\":false}],\"sliderItemTitleFontSize\":20,\"sliderSlideshow\":false,\"sliderZoomEnable\":false,\"itemsMetaDataCollection\":[]}<\/script><script>(function(){if(window.PGC_SGB && window.PGC_SGB.searcher){window.PGC_SGB.searcher.initBlocks()}})()<\/script><\/div>\n\n\n\n<hr class=\"wp-block-separator alignwide has-alpha-channel-opacity is-style-dots\" style=\"margin-top:0;margin-bottom:0\"\/>\n\n\n\n<p class=\"has-text-align-center has-contrast-2-color has-text-color has-link-color has-large-font-size wp-elements-ac5b64eebfbdbd8eabfcfb35de6e2009\">2022<\/p>\n\n\n\n<p class=\"has-text-align-center has-large-font-size\">CSELL\u00d3AKAD\u00c9MIA \/\/ VESZPR\u00c9M \/\/ 2022 \/\/ OKT\u00d3BER 26-30<\/p>\n\n\n\n<p class=\"has-text-align-center\"><strong>Okt\u00f3ber 26. 11-19h<\/strong><br>Coaching zeneiskol\u00e1soknak \u00e9s tov\u00e1bbk\u00e9pz\u00e9s zenetan\u00e1roknak<br>Moln\u00e1r Andre\u00e1val, a Kunstuniversit\u00e4t Graz k\u00fcl\u00f6nleges tehets\u00e9gek<br>oszt\u00e1ly\u00e1nak vezet\u0151j\u00e9vel. R\u00e9sztvev\u0151k a si\u00f3foki, v\u00e1rpalotai, p\u00e1pai \u00e9s sz\u00e9kesfeh\u00e9rv\u00e1ri zeneiskol\u00e1k di\u00e1kjai \u00e9s tan\u00e1rai.<\/p>\n\n\n\n<p class=\"has-text-align-center\"><strong>Okt\u00f3ber 27-30. 10-21h<\/strong><br>Mesterkurzus Varga Istv\u00e1nnal, a budapesti Zeneakad\u00e9mia tan\u00e1r\u00e1val.<br>R\u00e9sztvev\u0151k a ny\u00e1ri veszpr\u00e9mi nemzetk\u00f6zi mesterkurzus legeredm\u00e9nyesebb<br>n\u00f6vend\u00e9kei, tov\u00e1bb\u00e1 veszpr\u00e9mi \u00f6szt\u00f6nd\u00edjasunk, Naszer Tamara.<\/p>\n\n\n\n<p class=\"has-text-align-center\"><strong>Okt\u00f3ber 28. 19h<\/strong><br>Csellist\u00e1k \u00e9jszak\u00e1ja<\/p>\n\n\n\n<p class=\"has-text-align-center\"><strong>Okt\u00f3ber 29. 19h<\/strong><br>Csell\u00f3egy\u00fcttes koncert<br>Szt\u00e1rvend\u00e9g: Boross Csilla<\/p>\n\n\n\n<p class=\"has-text-align-center\"><strong>Okt\u00f3ber 30. 11h<\/strong><br>Fiatal tehets\u00e9gek matin\u00e9ja- Mesterkurzus z\u00e1r\u00f3koncert<\/p>\n\n\n\n<p class=\"has-text-align-center\"><\/p>\n","protected":false},"excerpt":{"rendered":"<p>2023 CSELL\u00d3AKAD\u00c9MIA \/\/ VESZPR\u00c9M \/\/ 2023 \/\/ NOVEMBER 2-8 PROGRAM:November 3. 19h \/\/ Csellist\u00e1k \u00e9jszak\u00e1jaNovember 4. 19h \/\/ Csell\u00f3egy\u00fcttes koncertNovember 2-8. \/\/ Rudolf Leopold mesterkurzus,Stankowsky Endre mesterkurzusNovember 8. \/\/ Szakmai [&hellip;]<\/p>\n","protected":false},"author":1,"featured_media":0,"parent":0,"menu_order":0,"comment_status":"closed","ping_status":"closed","template":"","meta":{"pgc_sgb_lightbox_settings":"","_price":"","_stock":"","_tribe_ticket_header":"","_tribe_default_ticket_provider":"","_tribe_ticket_capacity":"0","_ticket_start_date":"","_ticket_end_date":"","_tribe_ticket_show_description":"","_tribe_ticket_show_not_going":false,"_tribe_ticket_use_global_stock":"","_tribe_ticket_global_stock_level":"","_global_stock_mode":"","_global_stock_cap":"","_tribe_rsvp_for_event":"","_tribe_ticket_going_count":"","_tribe_ticket_not_going_count":"","_tribe_tickets_list":"[]","_tribe_ticket_has_attendee_info_fields":false,"_EventAllDay":false,"_EventTimezone":"","_EventStartDate":"","_EventEndDate":"","_EventStartDateUTC":"","_EventEndDateUTC":"","_EventShowMap":false,"_EventShowMapLink":false,"_EventURL":"","_EventCost":"","_EventCostDescription":"","_EventCurrencySymbol":"","_EventCurrencyCode":"","_EventCurrencyPosition":"","_EventDateTimeSeparator":"","_EventTimeRangeSeparator":"","_EventOrganizerID":[],"_EventVenueID":[],"_OrganizerEmail":"","_OrganizerPhone":"","_OrganizerWebsite":"","_VenueAddress":"","_VenueCity":"","_VenueCountry":"","_VenueProvince":"","_VenueState":"","_VenueZip":"","_VenuePhone":"","_VenueURL":"","_VenueStateProvince":"","_VenueLat":"","_VenueLng":"","_VenueShowMap":false,"_VenueShowMapLink":false,"footnotes":"","_tec_slr_enabled":"","_tec_slr_layout":""},"class_list":["post-351","page","type-page","status-publish","hentry"],"aioseo_notices":[],"ticketed":false,"_links":{"self":[{"href":"https:\/\/cselloakademia.hu\/de\/wp-json\/wp\/v2\/pages\/351","targetHints":{"allow":["GET"]}}],"collection":[{"href":"https:\/\/cselloakademia.hu\/de\/wp-json\/wp\/v2\/pages"}],"about":[{"href":"https:\/\/cselloakademia.hu\/de\/wp-json\/wp\/v2\/types\/page"}],"author":[{"embeddable":true,"href":"https:\/\/cselloakademia.hu\/de\/wp-json\/wp\/v2\/users\/1"}],"replies":[{"embeddable":true,"href":"https:\/\/cselloakademia.hu\/de\/wp-json\/wp\/v2\/comments?post=351"}],"version-history":[{"count":16,"href":"https:\/\/cselloakademia.hu\/de\/wp-json\/wp\/v2\/pages\/351\/revisions"}],"predecessor-version":[{"id":482,"href":"https:\/\/cselloakademia.hu\/de\/wp-json\/wp\/v2\/pages\/351\/revisions\/482"}],"wp:attachment":[{"href":"https:\/\/cselloakademia.hu\/de\/wp-json\/wp\/v2\/media?parent=351"}],"curies":[{"name":"wp","href":"https:\/\/api.w.org\/{rel}","templated":true}]}}