{"id":295,"date":"2024-10-18T21:59:53","date_gmt":"2024-10-18T21:59:53","guid":{"rendered":"https:\/\/tuningcharts.com\/cselloakademia\/?page_id=295"},"modified":"2024-10-18T22:10:58","modified_gmt":"2024-10-18T22:10:58","slug":"molnar-andrea","status":"publish","type":"page","link":"https:\/\/cselloakademia.hu\/de\/molnar-andrea\/","title":{"rendered":"Moln\u00e1r Andrea"},"content":{"rendered":"\n<h1 class=\"wp-block-heading\">Moln\u00e1r Andrea<\/h1>\n\n\n\n<div style=\"height:100px\" aria-hidden=\"true\" class=\"wp-block-spacer\"><\/div>\n\n\n\n<div class=\"wp-block-columns alignfull is-layout-flex wp-container-core-columns-is-layout-28f84493 wp-block-columns-is-layout-flex\">\n<div class=\"wp-block-column is-layout-flow wp-block-column-is-layout-flow\" style=\"flex-basis:50%\">\n<div class=\"wp-block-cover is-light\" style=\"min-height:600px;aspect-ratio:unset;\"><span aria-hidden=\"true\" class=\"wp-block-cover__background has-base-background-color has-background-dim-100 has-background-dim\"><\/span><div class=\"wp-block-cover__inner-container is-layout-flow wp-block-cover-is-layout-flow\">\n<figure class=\"wp-block-image aligncenter size-large wp-duotone-unset-1\"><img loading=\"lazy\" decoding=\"async\" width=\"768\" height=\"1024\" src=\"https:\/\/tuningcharts.com\/cselloakademia\/wp-content\/uploads\/2024\/10\/5-1-768x1024.jpeg\" alt=\"\" class=\"wp-image-238\" srcset=\"https:\/\/cselloakademia.hu\/wp-content\/uploads\/2024\/10\/5-1-768x1024.jpeg 768w, https:\/\/cselloakademia.hu\/wp-content\/uploads\/2024\/10\/5-1-225x300.jpeg 225w, https:\/\/cselloakademia.hu\/wp-content\/uploads\/2024\/10\/5-1-1152x1536.jpeg 1152w, https:\/\/cselloakademia.hu\/wp-content\/uploads\/2024\/10\/5-1-1536x2048.jpeg 1536w, https:\/\/cselloakademia.hu\/wp-content\/uploads\/2024\/10\/5-1-scaled.jpeg 1920w\" sizes=\"auto, (max-width: 768px) 100vw, 768px\" \/><\/figure>\n<\/div><\/div>\n<\/div>\n\n\n\n<div class=\"wp-block-column is-vertically-aligned-center is-layout-flow wp-block-column-is-layout-flow\" style=\"padding-top:1em;padding-right:1em;padding-bottom:1em;padding-left:1em\">\n<div class=\"wp-block-columns is-layout-flex wp-container-core-columns-is-layout-28f84493 wp-block-columns-is-layout-flex\">\n<div class=\"wp-block-column is-layout-flow wp-block-column-is-layout-flow\" style=\"flex-basis:320px\">\n<p class=\"has-small-font-size\" style=\"line-height:1.6\"><strong>\u00c9letrajz<\/strong><\/p>\n\n\n\n<p class=\"has-medium-font-size\" style=\"line-height:1.6\">Veszpr\u00e9mben sz\u00fcletett. A helyi zeneiskol\u00e1ban kezdett csell\u00f3zni P\u00e1jer S\u00e1ra ir\u00e1ny\u00edt\u00e1sa alatt, majd a veszpr\u00e9mi konzervat\u00f3riumban \u00e9retts\u00e9gizett. A gr\u00e1ci Zeneakad\u00e9mi\u00e1n (KUG) Rudolf Leopold, a b\u00e9csi Zeneakad\u00e9mi\u00e1n (mdw) Tobias K\u00fchne n\u00f6vend\u00e9kek\u00e9nt kit\u00fcntet\u00e9ssel diplom\u00e1zott. Sz\u00e1mos verseny nyertese, a Forum Hungaricum \u00e9s az osztr\u00e1k Tudom\u00e1nyos \u00e9s Kutat\u00e1si Miniszt\u00e9rium \u00f6szt\u00f6nd\u00edjasa.<\/p>\n\n\n\n<p class=\"has-medium-font-size\">1990-t\u00f6l 2020-ig a veszpr\u00e9mi Mendelssohn Kamarazenekar, a b\u00e9csi Haydn Akademie, a Wiener Kammeroper, a Grazer Symphoniker, a gr\u00e1ci Recreation- Gro\u00dfes Orchester \u00e9s a Recreation Barock sz\u00f3l\u00f3csellist\u00e1jak\u00e9nt koncertezett.<\/p>\n\n\n\n<p class=\"has-medium-font-size\">2000 \u00e9s 2008 k\u00f6z\u00f6tt Rudolf Leopold tan\u00e1rseg\u00e9djek\u00e9nt majd 2012\/13-ban vend\u00e9gprofesszork\u00e9nt tan\u00edtott a gr\u00e1ci Zeneakad\u00e9mi\u00e1n. 2004-t\u0151l 2008-ig a veszpr\u00e9mi Dohn\u00e1nyi Ern\u0151 Konzervat\u00f3rium tan\u00e1ra volt.<\/p>\n\n\n\n<p class=\"has-medium-font-size\" style=\"line-height:1.6\">2008 \u00f3ta a k\u00fcl\u00f6nleges tehets\u00e9gek el\u00f6k\u00e9szit\u00f6 oszt\u00e1ly\u00e1t vezeti a gr\u00e1ci Zeneakad\u00e9mi\u00e1n.<\/p>\n<\/div>\n<\/div>\n<\/div>\n<\/div>\n","protected":false},"excerpt":{"rendered":"<p>Moln\u00e1r Andrea \u00c9letrajz Veszpr\u00e9mben sz\u00fcletett. A helyi zeneiskol\u00e1ban kezdett csell\u00f3zni P\u00e1jer S\u00e1ra ir\u00e1ny\u00edt\u00e1sa alatt, majd a veszpr\u00e9mi konzervat\u00f3riumban \u00e9retts\u00e9gizett. A gr\u00e1ci Zeneakad\u00e9mi\u00e1n (KUG) Rudolf Leopold, a b\u00e9csi Zeneakad\u00e9mi\u00e1n (mdw) Tobias [&hellip;]<\/p>\n","protected":false},"author":1,"featured_media":0,"parent":0,"menu_order":0,"comment_status":"closed","ping_status":"closed","template":"","meta":{"pgc_sgb_lightbox_settings":"","_price":"","_stock":"","_tribe_ticket_header":"","_tribe_default_ticket_provider":"","_tribe_ticket_capacity":"0","_ticket_start_date":"","_ticket_end_date":"","_tribe_ticket_show_description":"","_tribe_ticket_show_not_going":false,"_tribe_ticket_use_global_stock":"","_tribe_ticket_global_stock_level":"","_global_stock_mode":"","_global_stock_cap":"","_tribe_rsvp_for_event":"","_tribe_ticket_going_count":"","_tribe_ticket_not_going_count":"","_tribe_tickets_list":"[]","_tribe_ticket_has_attendee_info_fields":false,"_EventAllDay":false,"_EventTimezone":"","_EventStartDate":"","_EventEndDate":"","_EventStartDateUTC":"","_EventEndDateUTC":"","_EventShowMap":false,"_EventShowMapLink":false,"_EventURL":"","_EventCost":"","_EventCostDescription":"","_EventCurrencySymbol":"","_EventCurrencyCode":"","_EventCurrencyPosition":"","_EventDateTimeSeparator":"","_EventTimeRangeSeparator":"","_EventOrganizerID":[],"_EventVenueID":[],"_OrganizerEmail":"","_OrganizerPhone":"","_OrganizerWebsite":"","_VenueAddress":"","_VenueCity":"","_VenueCountry":"","_VenueProvince":"","_VenueState":"","_VenueZip":"","_VenuePhone":"","_VenueURL":"","_VenueStateProvince":"","_VenueLat":"","_VenueLng":"","_VenueShowMap":false,"_VenueShowMapLink":false,"footnotes":"","_tec_slr_enabled":"","_tec_slr_layout":""},"class_list":["post-295","page","type-page","status-publish","hentry"],"aioseo_notices":[],"ticketed":false,"_links":{"self":[{"href":"https:\/\/cselloakademia.hu\/de\/wp-json\/wp\/v2\/pages\/295","targetHints":{"allow":["GET"]}}],"collection":[{"href":"https:\/\/cselloakademia.hu\/de\/wp-json\/wp\/v2\/pages"}],"about":[{"href":"https:\/\/cselloakademia.hu\/de\/wp-json\/wp\/v2\/types\/page"}],"author":[{"embeddable":true,"href":"https:\/\/cselloakademia.hu\/de\/wp-json\/wp\/v2\/users\/1"}],"replies":[{"embeddable":true,"href":"https:\/\/cselloakademia.hu\/de\/wp-json\/wp\/v2\/comments?post=295"}],"version-history":[{"count":2,"href":"https:\/\/cselloakademia.hu\/de\/wp-json\/wp\/v2\/pages\/295\/revisions"}],"predecessor-version":[{"id":315,"href":"https:\/\/cselloakademia.hu\/de\/wp-json\/wp\/v2\/pages\/295\/revisions\/315"}],"wp:attachment":[{"href":"https:\/\/cselloakademia.hu\/de\/wp-json\/wp\/v2\/media?parent=295"}],"curies":[{"name":"wp","href":"https:\/\/api.w.org\/{rel}","templated":true}]}}