{"id":279,"date":"2024-10-18T21:39:50","date_gmt":"2024-10-18T21:39:50","guid":{"rendered":"https:\/\/tuningcharts.com\/cselloakademia\/?page_id=279"},"modified":"2024-10-18T22:10:40","modified_gmt":"2024-10-18T22:10:40","slug":"hartmann-domonkos","status":"publish","type":"page","link":"https:\/\/cselloakademia.hu\/de\/hartmann-domonkos\/","title":{"rendered":"Hartmann Domonkos"},"content":{"rendered":"\n<h1 class=\"wp-block-heading\">Hartmann Domonkos<\/h1>\n\n\n\n<div style=\"height:100px\" aria-hidden=\"true\" class=\"wp-block-spacer\"><\/div>\n\n\n\n<div class=\"wp-block-group alignfull has-accent-background-color has-background has-global-padding is-layout-constrained wp-container-core-group-is-layout-669513ed wp-block-group-is-layout-constrained\" style=\"margin-top:0;margin-bottom:0;padding-top:var(--wp--preset--spacing--50);padding-right:var(--wp--preset--spacing--50);padding-bottom:var(--wp--preset--spacing--50);padding-left:var(--wp--preset--spacing--50)\">\n<div class=\"wp-block-columns alignfull is-layout-flex wp-container-core-columns-is-layout-28f84493 wp-block-columns-is-layout-flex\">\n<div class=\"wp-block-column is-layout-flow wp-block-column-is-layout-flow\" style=\"flex-basis:50%\">\n<div class=\"wp-block-cover is-light\" style=\"min-height:600px;aspect-ratio:unset;\"><span aria-hidden=\"true\" class=\"wp-block-cover__background has-base-background-color has-background-dim-100 has-background-dim\"><\/span><div class=\"wp-block-cover__inner-container is-layout-flow wp-block-cover-is-layout-flow\">\n<figure class=\"wp-block-image aligncenter size-large wp-duotone-unset-1\"><img loading=\"lazy\" decoding=\"async\" width=\"683\" height=\"1024\" src=\"https:\/\/tuningcharts.com\/cselloakademia\/wp-content\/uploads\/2024\/10\/3-683x1024.jpeg\" alt=\"\" class=\"wp-image-59\" srcset=\"https:\/\/cselloakademia.hu\/wp-content\/uploads\/2024\/10\/3-683x1024.jpeg 683w, https:\/\/cselloakademia.hu\/wp-content\/uploads\/2024\/10\/3-200x300.jpeg 200w, https:\/\/cselloakademia.hu\/wp-content\/uploads\/2024\/10\/3-768x1152.jpeg 768w, https:\/\/cselloakademia.hu\/wp-content\/uploads\/2024\/10\/3-1024x1536.jpeg 1024w, https:\/\/cselloakademia.hu\/wp-content\/uploads\/2024\/10\/3-1365x2048.jpeg 1365w, https:\/\/cselloakademia.hu\/wp-content\/uploads\/2024\/10\/3-720x1080.jpeg 720w, https:\/\/cselloakademia.hu\/wp-content\/uploads\/2024\/10\/3-scaled.jpeg 1707w\" sizes=\"auto, (max-width: 683px) 100vw, 683px\" \/><\/figure>\n<\/div><\/div>\n<\/div>\n\n\n\n<div class=\"wp-block-column is-vertically-aligned-center is-layout-flow wp-block-column-is-layout-flow\" style=\"padding-top:1em;padding-right:1em;padding-bottom:1em;padding-left:1em\">\n<div class=\"wp-block-columns is-layout-flex wp-container-core-columns-is-layout-28f84493 wp-block-columns-is-layout-flex\">\n<div class=\"wp-block-column is-layout-flow wp-block-column-is-layout-flow\" style=\"flex-basis:440px\">\n<p class=\"has-small-font-size\" style=\"line-height:1.6\"><strong>\u00c9letrajz<\/strong><\/p>\n\n\n\n<p class=\"has-medium-font-size\" style=\"line-height:1.6\">Hartmann Domonkos P\u00e9ter 23 \u00e9ves, veszpr\u00e9mi sz\u00fclet\u00e9s\u0171 csell\u00f3m\u0171v\u00e9sz. Kezdetben a veszpr\u00e9mi Cserm\u00e1k Antal Zeneiskol\u00e1ban dr. Nagy Tam\u00e1sn\u00e9, F\u0171ke \u00c1kos, majd a Bart\u00f3k Konziban Kem\u00e9ny Krisztina voltak tan\u00e1rai. Ezut\u00e1n V\u00e1rdai Istv\u00e1n csell\u00f3m\u0171v\u00e9sz 2018 \u0151sz\u00e9n indult oszt\u00e1ly\u00e1ban kapott helyet, az\u00f3ta is ott tanul. 2020 \u00f3ta pedig az LFZE hallgat\u00f3ja Rohmann Ditta n\u00f6vend\u00e9kek\u00e9nt.<\/p>\n\n\n\n<p class=\"has-medium-font-size\" style=\"line-height:1.6\">\u200bDomonkos 2014-ben sz\u00fcl\u0151v\u00e1ros\u00e1ban vehette \u00e1t a szakmai elismer\u00e9sk\u00e9nt neki \u00edt\u00e9lt Cserm\u00e1k-d\u00edjat. A konzis \u00e9vek eredm\u00e9nyeib\u0151l kiemelve a Starker J\u00e1nos Orsz\u00e1gos Gordonkaverseny I. helyezettje lett, valamint megkapta a verseny nagyd\u00edj\u00e1t, a Czak\u00f3 \u00c9va Eml\u00e9k\u00e9rmet. Nemzetk\u00f6zi versenyek I. helyezettje \u00e9s nagyd\u00edjasa Csehorsz\u00e1gban, Szlov\u00e1ki\u00e1ban, Magyarorsz\u00e1gon.<br><br>Sz\u00f3lista el\u0151sz\u00f6r 2019 janu\u00e1rj\u00e1ban volt a Zeneakad\u00e9mia nagyterm\u00e9ben, ahol Dvorak h-moll csell\u00f3verseny\u00e9t j\u00e1tszotta. Fell\u00e9pett m\u00e9g t\u00f6bbek k\u00f6zt a M\u00fcp\u00e1ban, a Magyar \u00c1llami Operah\u00e1zban, a Szegedi Nemzeti Sz\u00ednh\u00e1zban.<\/p>\n\n\n\n<p class=\"has-medium-font-size\">2019-ben \u00e9s 2020-ban Fischer Annie El\u0151ad\u00f3m\u0171v\u00e9szeti \u00d6szt\u00f6nd\u00edjat kapott.<\/p>\n\n\n\n<p class=\"has-medium-font-size\" style=\"line-height:1.6\">2020-ban \u00e9s 2021-ben fell\u00e9pett t\u00f6bbek k\u00f6zt Bar\u00e1ti Krist\u00f3ffal, Kirill Trussov-val, Kokas Katalinnal, Pusker J\u00fali\u00e1val, Liisa Randalu-val, Sz\u0171cs M\u00e1t\u00e9val, Jennifer Stumm-mal, V\u00e1rdai Istv\u00e1nnal. Kurzusokon tan\u00edtotta m\u00e9g a teljess\u00e9g ig\u00e9nye n\u00e9lk\u00fcl a Kelemen Kvartett, Feny\u0151 L\u00e1szl\u00f3, Camille Thomas, Stefan Mendl \u00e9s Johannes Meissl.<br><br>2021  december\u00e9ben a zeneakad\u00e9miai David Popper Csell\u00f3verseny I. helyezettje lett, valamint megkapta a Magyar R\u00e1di\u00f3 k\u00fcl\u00f6nd\u00edj\u00e1t.<\/p>\n\n\n\n<p class=\"has-medium-font-size\" style=\"line-height:1.6\">2022-ben a Lyon-ban megrendezett kamarazenei csell\u00f3-zongora du\u00f3verseny I. d\u00edj\u00e1t \u00e9s k\u00f6z\u00f6ns\u00e9g d\u00edj\u00e1t nyerte Csabay Domonkossal. J\u00faniusban pedig a Kocsis-Hauser Alap\u00edtv\u00e1ny neki \u00edt\u00e9lte a Kocsis Zolt\u00e1n-d\u00edjat, amelyet zongor\u00e1s tri\u00f3j\u00e1val nyert el kamarazene kateg\u00f3ri\u00e1ban.<\/p>\n<\/div>\n<\/div>\n\n\n\n<p><\/p>\n\n\n\n<p><\/p>\n<\/div>\n<\/div>\n<\/div>\n","protected":false},"excerpt":{"rendered":"<p>Hartmann Domonkos \u00c9letrajz Hartmann Domonkos P\u00e9ter 23 \u00e9ves, veszpr\u00e9mi sz\u00fclet\u00e9s\u0171 csell\u00f3m\u0171v\u00e9sz. Kezdetben a veszpr\u00e9mi Cserm\u00e1k Antal Zeneiskol\u00e1ban dr. Nagy Tam\u00e1sn\u00e9, F\u0171ke \u00c1kos, majd a Bart\u00f3k Konziban Kem\u00e9ny Krisztina voltak tan\u00e1rai. [&hellip;]<\/p>\n","protected":false},"author":1,"featured_media":0,"parent":0,"menu_order":0,"comment_status":"closed","ping_status":"closed","template":"","meta":{"pgc_sgb_lightbox_settings":"","_price":"","_stock":"","_tribe_ticket_header":"","_tribe_default_ticket_provider":"","_tribe_ticket_capacity":"0","_ticket_start_date":"","_ticket_end_date":"","_tribe_ticket_show_description":"","_tribe_ticket_show_not_going":false,"_tribe_ticket_use_global_stock":"","_tribe_ticket_global_stock_level":"","_global_stock_mode":"","_global_stock_cap":"","_tribe_rsvp_for_event":"","_tribe_ticket_going_count":"","_tribe_ticket_not_going_count":"","_tribe_tickets_list":"[]","_tribe_ticket_has_attendee_info_fields":false,"_EventAllDay":false,"_EventTimezone":"","_EventStartDate":"","_EventEndDate":"","_EventStartDateUTC":"","_EventEndDateUTC":"","_EventShowMap":false,"_EventShowMapLink":false,"_EventURL":"","_EventCost":"","_EventCostDescription":"","_EventCurrencySymbol":"","_EventCurrencyCode":"","_EventCurrencyPosition":"","_EventDateTimeSeparator":"","_EventTimeRangeSeparator":"","_EventOrganizerID":[],"_EventVenueID":[],"_OrganizerEmail":"","_OrganizerPhone":"","_OrganizerWebsite":"","_VenueAddress":"","_VenueCity":"","_VenueCountry":"","_VenueProvince":"","_VenueState":"","_VenueZip":"","_VenuePhone":"","_VenueURL":"","_VenueStateProvince":"","_VenueLat":"","_VenueLng":"","_VenueShowMap":false,"_VenueShowMapLink":false,"footnotes":"","_tec_slr_enabled":"","_tec_slr_layout":""},"class_list":["post-279","page","type-page","status-publish","hentry"],"aioseo_notices":[],"ticketed":false,"_links":{"self":[{"href":"https:\/\/cselloakademia.hu\/de\/wp-json\/wp\/v2\/pages\/279","targetHints":{"allow":["GET"]}}],"collection":[{"href":"https:\/\/cselloakademia.hu\/de\/wp-json\/wp\/v2\/pages"}],"about":[{"href":"https:\/\/cselloakademia.hu\/de\/wp-json\/wp\/v2\/types\/page"}],"author":[{"embeddable":true,"href":"https:\/\/cselloakademia.hu\/de\/wp-json\/wp\/v2\/users\/1"}],"replies":[{"embeddable":true,"href":"https:\/\/cselloakademia.hu\/de\/wp-json\/wp\/v2\/comments?post=279"}],"version-history":[{"count":5,"href":"https:\/\/cselloakademia.hu\/de\/wp-json\/wp\/v2\/pages\/279\/revisions"}],"predecessor-version":[{"id":314,"href":"https:\/\/cselloakademia.hu\/de\/wp-json\/wp\/v2\/pages\/279\/revisions\/314"}],"wp:attachment":[{"href":"https:\/\/cselloakademia.hu\/de\/wp-json\/wp\/v2\/media?parent=279"}],"curies":[{"name":"wp","href":"https:\/\/api.w.org\/{rel}","templated":true}]}}